{"id":3408,"date":"2026-04-03T11:08:24","date_gmt":"2026-04-03T09:08:24","guid":{"rendered":"https:\/\/www.spacapan.si\/de\/?page_id=3408"},"modified":"2026-04-03T11:08:39","modified_gmt":"2026-04-03T09:08:39","slug":"adas-fruehstueck","status":"publish","type":"page","link":"https:\/\/www.spacapan.si\/de\/adas-fruehstueck\/","title":{"rendered":"Adas Fr\u00fchst\u00fcck"},"content":{"rendered":"<p>[vc_row][vc_column width=&#8220;1\/3&#8243;][vc_column_text]Im \u0160pacapan-Haus beginnt der Tag nicht mit Trubel. Er beginnt mit dem Duft von Kaffee, warmem Brot und der Stille eines Karst-Morgens. Adas Fr\u00fchst\u00fcck ist kein Selbstbedienungsbuffet. Es ist ein etwa einst\u00fcndiges Erlebnis, das f\u00fcr jeden Tisch einzeln vorbereitet wird.<\/p>\n<blockquote>\n<p class=\"p3\"><span class=\"s2\">Jeder Gang entsteht frisch, im Rhythmus der K\u00fcche und der Jahreszeit.<\/span><\/p>\n<\/blockquote>\n<p>[\/vc_column_text][\/vc_column][vc_column width=&#8220;2\/3&#8243;][vc_column_text]<img loading=\"lazy\" decoding=\"async\" class=\"alignnone wp-image-6880 size-full\" src=\"https:\/\/www.spacapan.si\/wp-content\/uploads\/2026\/02\/IMGP4496.jpg\" alt=\"\" width=\"1000\" height=\"750\" \/>[\/vc_column_text][\/vc_column][\/vc_row][vc_row][vc_column width=&#8220;2\/3&#8243; offset=&#8220;vc_hidden-sm vc_hidden-xs&#8220;][vc_column_text]<img loading=\"lazy\" decoding=\"async\" class=\"alignnone size-full wp-image-6882\" src=\"https:\/\/www.spacapan.si\/wp-content\/uploads\/2026\/02\/IMGP4539.jpg\" alt=\"\" width=\"1000\" height=\"750\" \/>[\/vc_column_text][\/vc_column][vc_column width=&#8220;1\/3&#8243;][vc_column_text]Zuerst kommen Kaffee oder Cappuccino, echter Tee, Milch oder Kakao, Wasser, hausgemachter Saft und ein Schluck Rote Bete auf den Tisch, der den K\u00f6rper sanft weckt.<\/p>\n<p><strong>Dann folgt das Haus:<\/strong> frisch gebackenes Brot, mehrere Sorten hausgemachter Marmeladen, Butter und Honig.<\/p>\n<p><strong>Garten und Saison:<\/strong> Frucht-Smoothie, hausgemachter Joghurt, M\u00fcsli und N\u00fcsse, frisches oder sanft zubereitetes Gem\u00fcse.<\/p>\n<p>Den Karst-Charakter erg\u00e4nzen \u0160pacapans hausgemachte Fleischwaren und eine Auswahl an K\u00e4sesorten.<\/p>\n<p>Das warme Herzst\u00fcck des Fr\u00fchst\u00fccks sind Eier nach Tagesrezept, immer saisonal, immer anders.<\/p>\n<p>Zum Abschluss gibt es Obst und das Dessert des Tages aus dem Haus.[\/vc_column_text][\/vc_column][\/vc_row][vc_row][vc_column offset=&#8220;vc_hidden-lg vc_hidden-md&#8220;][vc_column_text]<img loading=\"lazy\" decoding=\"async\" class=\"alignnone size-full wp-image-6882\" src=\"https:\/\/www.spacapan.si\/wp-content\/uploads\/2026\/02\/IMGP4539.jpg\" alt=\"\" width=\"1000\" height=\"750\" \/>[\/vc_column_text][\/vc_column][\/vc_row][vc_row][vc_column width=&#8220;2\/3&#8243;][vc_column_text]<\/p>\n<h4>Zeit<\/h4>\n<p>Fr\u00fchst\u00fcck servieren wir zwischen 8.00 und 10.00 Uhr. Es dauert ungef\u00e4hr eine Stunde. Wir bereiten es ausschlie\u00dflich nach vorheriger Reservierung zu, da jeder Tisch individuell vorbereitet wird.[\/vc_column_text][vc_column_text]<\/p>\n<h4>Preis<\/h4>\n<p>25 \u20ac pro Person (f\u00fcr G\u00e4ste, die bei uns \u00fcbernachten) Auch externe G\u00e4ste sind willkommen (27 \u20ac pro Person), ausschlie\u00dflich nach vorheriger Reservierung und je nach Verf\u00fcgbarkeit. Im Preis inbegriffen ist das gesamte Erlebnis mit allen servierten Speisen und Getr\u00e4nken.[\/vc_column_text][vc_column_text]<\/p>\n<h4><span class=\"s1\">Erleben Sie es als Teil Ihres Aufenthalts<\/span><\/h4>\n<p>Adas Fr\u00fchst\u00fcck ist der sch\u00f6nste Beginn des Tages nach einer \u00dcbernachtung im \u0160pacapan-Haus. <strong><a href=\"https:\/\/www.spacapan.si\/de\/unterkuenfte\/zimmer\/\" target=\"_blank\" rel=\"noopener\">Zimmer reservieren \u2192<\/a><\/strong>[\/vc_column_text][\/vc_column][vc_column width=&#8220;1\/3&#8243;][\/vc_column][\/vc_row]<\/p>\n","protected":false},"excerpt":{"rendered":"<p>&#8230;<\/p>\n","protected":false},"author":10,"featured_media":3409,"parent":0,"menu_order":0,"comment_status":"closed","ping_status":"closed","template":"","meta":{"footnotes":""},"_links":{"self":[{"href":"https:\/\/www.spacapan.si\/de\/wp-json\/wp\/v2\/pages\/3408"}],"collection":[{"href":"https:\/\/www.spacapan.si\/de\/wp-json\/wp\/v2\/pages"}],"about":[{"href":"https:\/\/www.spacapan.si\/de\/wp-json\/wp\/v2\/types\/page"}],"author":[{"embeddable":true,"href":"https:\/\/www.spacapan.si\/de\/wp-json\/wp\/v2\/users\/10"}],"replies":[{"embeddable":true,"href":"https:\/\/www.spacapan.si\/de\/wp-json\/wp\/v2\/comments?post=3408"}],"version-history":[{"count":2,"href":"https:\/\/www.spacapan.si\/de\/wp-json\/wp\/v2\/pages\/3408\/revisions"}],"predecessor-version":[{"id":3411,"href":"https:\/\/www.spacapan.si\/de\/wp-json\/wp\/v2\/pages\/3408\/revisions\/3411"}],"wp:featuredmedia":[{"embeddable":true,"href":"https:\/\/www.spacapan.si\/de\/wp-json\/wp\/v2\/media\/3409"}],"wp:attachment":[{"href":"https:\/\/www.spacapan.si\/de\/wp-json\/wp\/v2\/media?parent=3408"}],"curies":[{"name":"wp","href":"https:\/\/api.w.org\/{rel}","templated":true}]}}