{"id":965,"date":"2017-01-16T21:58:08","date_gmt":"2017-01-16T20:58:08","guid":{"rendered":"https:\/\/www.spacapan.si\/de\/?page_id=965"},"modified":"2026-04-03T11:09:38","modified_gmt":"2026-04-03T09:09:38","slug":"zimmer","status":"publish","type":"page","link":"https:\/\/www.spacapan.si\/de\/unterkuenfte\/zimmer\/","title":{"rendered":"Zimmer"},"content":{"rendered":"<p>[vc_row][vc_column][vc_row_inner][vc_column_inner][vc_cta h2=&#8220;&#8220; style=&#8220;flat&#8220; color=&#8220;grey&#8220;]<a href=\"https:\/\/www.spacapan.si\/en\/accommodation\/rooms\/\"><strong>Hier k\u00f6nnen Sie eine Online-Reservierung vornehmen (englische Seite).<\/strong><\/a>[\/vc_cta][\/vc_column_inner][\/vc_row_inner][\/vc_column][vc_row][\/vc_row][vc_column width=&#8220;2\/3&#8243;][vc_column_text]<img loading=\"lazy\" decoding=\"async\" class=\"alignnone size-full wp-image-4706\" src=\"https:\/\/www.spacapan.si\/wp-content\/uploads\/2021\/11\/Soba-Spacapanova-hisa.jpg\" alt=\"\" width=\"1500\" height=\"1000\" \/>[\/vc_column_text][\/vc_column][vc_column width=&#8220;1\/3&#8243;][vc_column_text css=&#8220;.vc_custom_1771763084215{margin-bottom: 10px !important;border-bottom-width: 0px !important;padding-bottom: 0px !important;}&#8220;]Im \u0160pacapanova hi\u0161a stehen 10 Doppelzimmer zur Verf\u00fcgung, ausgestattet mit einzigartigen massiven Eichenm\u00f6beln, nat\u00fcrlichen Materialien und ruhigen Farbt\u00f6nen, die ein Gef\u00fchl von W\u00e4rme, Ruhe und Geborgenheit schaffen. Jedes Zimmer verf\u00fcgt \u00fcber ein eigenes Badezimmer. <strong>In ausgew\u00e4hlten Zimmern ist ein Zustellbett ausschlie\u00dflich f\u00fcr Kinder m\u00f6glich.<\/strong>[\/vc_column_text][vc_column_text css=&#8220;.vc_custom_1774297606459{margin-top: 20px !important;margin-bottom: 10px !important;border-bottom-width: 0px !important;padding-bottom: 0px !important;}&#8220;]<strong>Adas Fr\u00fchst\u00fcck: Ein Morgen, der sich Zeit nimmt.<\/strong>[\/vc_column_text][vc_column_text css=&#8220;.vc_custom_1771496365413{margin-bottom: 10px !important;border-bottom-width: 0px !important;padding-bottom: 0px !important;}&#8220;]<\/p>\n<p class=\"p3\"><span class=\"s2\">Nach einer Nacht im \u0160pacapanova hi\u0161a beginnt der Tag langsam \u2013 mit warmem Brot, Kaffee und der Stille des Karsts. <\/span><span class=\"s2\">Ein ungef\u00e4hr einst\u00fcndiges Erlebnis, das f\u00fcr jeden Tisch eigens vorbereitet wird.<\/span><\/p>\n<p>[\/vc_column_text][vc_column_text css=&#8220;.vc_custom_1771765090743{margin-top: 0px !important;border-top-width: 0px !important;padding-top: 0px !important;}&#8220;]<\/p>\n<p class=\"p3\"><a href=\"https:\/\/www.spacapan.si\/de\/adas-fruehstueck\/\"><span class=\"s2\">Entdecken Sie Adas Fr\u00fchst\u00fcck <\/span>\u2192<\/a><\/p>\n<p>[\/vc_column_text][vc_column_text css=&#8220;.vc_custom_1774297616093{margin-top: 20px !important;margin-bottom: 10px !important;border-bottom-width: 0px !important;padding-bottom: 0px !important;}&#8220;]<strong>Ausstattung der Zimmer:<\/strong>[\/vc_column_text][vc_column_text css=&#8220;.vc_custom_1771763113209{margin-bottom: 20px !important;border-bottom-width: 0px !important;padding-bottom: 0px !important;}&#8220;]- WC und Waschbecken<br \/>\n&#8211; Whirlpool-Badewanne<br \/>\n&#8211; frische Bettw\u00e4sche<br \/>\n&#8211; Handt\u00fccher, nat\u00fcrliche Lavendelseifen und Shampoo<br \/>\n&#8211; Haartrockner<br \/>\n&#8211; Klimaanlage<br \/>\n&#8211; kostenloses WLAN<br \/>\n&#8211; Fernseher<br \/>\n&#8211; Verdunkelung des Zimmers<br \/>\n&#8211; Minibar in f\u00fcnf Zimmern[\/vc_column_text][\/vc_column][vc_row][vc_column width=&#8220;1\/3&#8243; offset=&#8220;vc_hidden-xs&#8220; css=&#8220;.vc_custom_1769769677074{margin-left: 10px !important;}&#8220;][vc_column_text]<strong>\u00dcbernachtungspreise:<\/strong><\/p>\n<ul class=\"list\">\n<li>Doppelzimmer: 110 \u20ac<\/li>\n<li>Doppelzimmer (franz\u00f6sisches Bett): 100 \u20ac<\/li>\n<li>f\u00fcr eine Person: 90 \u20ac<\/li>\n<li>Zustellbett (nur f\u00fcr Kinder): 35 \u20ac<\/li>\n<li>Kinderbett: 10 \u20ac \/ Tag<\/li>\n<li>Hund: 15 \u20ac \/ Tag<\/li>\n<li>Adas Fr\u00fchst\u00fcck: 25 \u20ac \/ Tag<\/li>\n<li>Kurtaxe: 2,5 \u20ac \/ Person \/ Tag<\/li>\n<\/ul>\n<p>Falls Sie nicht bei uns \u00fcbernachten, aber den Tag dennoch mit Adas Fr\u00fchst\u00fcck beginnen m\u00f6chten, betr\u00e4gt der Preis f\u00fcr das Fr\u00fchst\u00fcck 27,00 \u20ac pro Person.<\/p>\n<p><em>* In der Hochsaison ist der \u00dcbernachtungspreis um 10 \u20ac h\u00f6her. Die Hochsaison dauert vom 1. Mai bis zum 30. September.<\/em>[\/vc_column_text][\/vc_column][vc_column width=&#8220;2\/3&#8243; offset=&#8220;vc_hidden-xs&#8220;][vc_column_text]<img loading=\"lazy\" decoding=\"async\" class=\"alignnone size-full wp-image-4711\" src=\"https:\/\/www.spacapan.si\/wp-content\/uploads\/2021\/11\/Sobe-Kras.jpg\" alt=\"\" width=\"1500\" height=\"1000\" \/>[\/vc_column_text][\/vc_column][\/vc_row][vc_row][vc_column width=&#8220;1\/3&#8243; offset=&#8220;vc_hidden-lg vc_hidden-md vc_hidden-sm&#8220;][vc_column_text]<img loading=\"lazy\" decoding=\"async\" class=\"alignnone size-full wp-image-4711\" src=\"https:\/\/www.spacapan.si\/wp-content\/uploads\/2021\/11\/Sobe-Kras.jpg\" alt=\"\" width=\"1500\" height=\"1000\" \/>[\/vc_column_text][vc_column_text css=&#8220;.vc_custom_1774297653348{margin-left: 10px !important;}&#8220;]<strong>\u00dcbernachtungspreise:<\/strong><\/p>\n<ul class=\"list\">\n<li>Doppelzimmer: 110 \u20ac<\/li>\n<li>Doppelzimmer (franz\u00f6sisches Bett): 100 \u20ac<\/li>\n<li>f\u00fcr eine Person: 90 \u20ac<\/li>\n<li>Zustellbett (nur f\u00fcr Kinder): 35 \u20ac<\/li>\n<li>Kinderbett: 10 \u20ac \/ Tag<\/li>\n<li>Hund: 15 \u20ac \/ Tag<\/li>\n<li>Fr\u00fchst\u00fcck: 25 \u20ac \/ Tag<\/li>\n<li>Kurtaxe: 2,5 \u20ac \/ Person \/ Tag<\/li>\n<\/ul>\n<p>Falls Sie nicht bei uns \u00fcbernachten, aber den Tag dennoch mit Adas Fr\u00fchst\u00fcck beginnen m\u00f6chten, betr\u00e4gt der Preis f\u00fcr das Fr\u00fchst\u00fcck 27,00 \u20ac pro Person.<\/p>\n<p><em>* In der Hochsaison ist der \u00dcbernachtungspreis um 10 \u20ac h\u00f6her. Die Hochsaison dauert vom 1. Mai bis zum 30. September.<\/em>[\/vc_column_text][\/vc_column][vc_column width=&#8220;2\/3&#8243; offset=&#8220;vc_hidden-lg vc_hidden-md vc_hidden-sm&#8220;][\/vc_column][\/vc_row][vc_row][vc_column width=&#8220;2\/3&#8243;][vc_column_text]<img loading=\"lazy\" decoding=\"async\" class=\"alignnone size-full wp-image-4710\" src=\"https:\/\/www.spacapan.si\/wp-content\/uploads\/2021\/11\/Nocitev-na-Krasu.jpg\" alt=\"\" width=\"1500\" height=\"1000\" \/>[\/vc_column_text][\/vc_column][vc_column width=&#8220;1\/3&#8243; css=&#8220;.vc_custom_1769769697662{margin-left: 10px !important;}&#8220;][vc_column_text]<strong>Zus\u00e4tzliche Informationen:<\/strong><\/p>\n<ul class=\"list\">\n<li>Check-in am Anreisetag: zwischen 16.00 und 20.00 Uhr<\/li>\n<li>Check-out am Abreisetag: bis 11.00 Uhr, nach Absprache auch sp\u00e4ter, falls m\u00f6glich<\/li>\n<li>Das Fr\u00fchst\u00fcck servieren wir zwischen 8.00 und 10.00 Uhr<\/li>\n<li>Eine Zimmerreservierung im \u0160pacapanova hi\u0161a kann bis eine Woche vor der geplanten Anreise kostenlos storniert werden<\/li>\n<li>Bei einer Stornierung bis drei Tage vor der Anreise werden 50 % berechnet, bei einer Stornierung in den letzten drei Tagen oder bei Nichterscheinen 100 % des Betrags<\/li>\n<li>Bei der Reservierung werden 30 % Anzahlung berechnet<\/li>\n<li>Alle Preise gelten bei Buchung \u00fcber die Website oder per E-Mail. Bei Buchungen \u00fcber andere Kan\u00e4le, zum Beispiel Booking, behalten wir uns das Recht vor, die Preise bis zur H\u00f6he der Vermittlungsprovision anzupassen<\/li>\n<li>An der Theke steht Ihnen wein-gastronomische und andere Literatur zur internen Nutzung zur Verf\u00fcgung<\/li>\n<li>Die Zimmer sind das ganze Jahr \u00fcber verf\u00fcgbar<\/li>\n<li>Alle Preise sind in Euro (\u20ac) und enthalten die Mehrwertsteuer<\/li>\n<\/ul>\n<p>[\/vc_column_text][\/vc_column][\/vc_row]<\/p>\n","protected":false},"excerpt":{"rendered":"<p>&#8230;<\/p>\n","protected":false},"author":1,"featured_media":1418,"parent":961,"menu_order":0,"comment_status":"closed","ping_status":"closed","template":"","meta":{"footnotes":""},"_links":{"self":[{"href":"https:\/\/www.spacapan.si\/de\/wp-json\/wp\/v2\/pages\/965"}],"collection":[{"href":"https:\/\/www.spacapan.si\/de\/wp-json\/wp\/v2\/pages"}],"about":[{"href":"https:\/\/www.spacapan.si\/de\/wp-json\/wp\/v2\/types\/page"}],"author":[{"embeddable":true,"href":"https:\/\/www.spacapan.si\/de\/wp-json\/wp\/v2\/users\/1"}],"replies":[{"embeddable":true,"href":"https:\/\/www.spacapan.si\/de\/wp-json\/wp\/v2\/comments?post=965"}],"version-history":[{"count":49,"href":"https:\/\/www.spacapan.si\/de\/wp-json\/wp\/v2\/pages\/965\/revisions"}],"predecessor-version":[{"id":3413,"href":"https:\/\/www.spacapan.si\/de\/wp-json\/wp\/v2\/pages\/965\/revisions\/3413"}],"up":[{"embeddable":true,"href":"https:\/\/www.spacapan.si\/de\/wp-json\/wp\/v2\/pages\/961"}],"wp:featuredmedia":[{"embeddable":true,"href":"https:\/\/www.spacapan.si\/de\/wp-json\/wp\/v2\/media\/1418"}],"wp:attachment":[{"href":"https:\/\/www.spacapan.si\/de\/wp-json\/wp\/v2\/media?parent=965"}],"curies":[{"name":"wp","href":"https:\/\/api.w.org\/{rel}","templated":true}]}}