{"id":967,"date":"2017-01-16T21:58:28","date_gmt":"2017-01-16T20:58:28","guid":{"rendered":"https:\/\/www.spacapan.si\/de\/?page_id=967"},"modified":"2026-03-24T13:22:01","modified_gmt":"2026-03-24T12:22:01","slug":"pakete","status":"publish","type":"page","link":"https:\/\/www.spacapan.si\/de\/unterkuenfte\/pakete\/","title":{"rendered":"Pakete"},"content":{"rendered":"<p>[vc_row equal_height=&#8220;yes&#8220; content_placement=&#8220;top&#8220;][vc_column width=&#8220;2\/3&#8243;][vc_column_text]<a href=\"https:\/\/www.spacapan.si\/wp-content\/uploads\/2023\/02\/Slika11.jpg\"><img loading=\"lazy\" decoding=\"async\" class=\"alignleft wp-image-5334 size-full\" src=\"https:\/\/www.spacapan.si\/wp-content\/uploads\/2023\/02\/Slika11.jpg\" alt=\"\" width=\"602\" height=\"451\" \/><\/a>[\/vc_column_text][\/vc_column][vc_column width=&#8220;1\/3&#8243;][vc_column_text]<strong>\u201eEntfliehe\u201c<\/strong><br \/>\nVerw\u00f6hnen Sie sich mit unserem k\u00fcrzeren kulinarischen Genuss mit ausgew\u00e4hlter Weinbegleitung von f\u00fcnf Gl\u00e4sern Wein.<\/p>\n<p>Nach dem Abendessen erwartet Sie eine \u00dcbernachtung im Doppelzimmer. Am Morgen begleiten wir Sie mit Adas Fr\u00fchst\u00fcck in den neuen Tag.<\/p>\n<p>2 Personen: 420,00 eur<\/p>\n<p><em>Vom 15. Juli bis zum 17. September ist der Paketpreis um 10,00 \u20ac h\u00f6her<\/em><\/p>\n<p><a class=\"custom-btn\" href=\"https:\/\/www.spacapan.si\/de\/paket-reservieren\/\">Paket reservieren<\/a>[\/vc_column_text][\/vc_column][\/vc_row][vc_row equal_height=&#8220;yes&#8220; content_placement=&#8220;top&#8220; css=&#8220;.vc_custom_1771178192544{margin-top: 20px !important;margin-bottom: 30px !important;}&#8220;][vc_column css=&#8220;.vc_custom_1771177701764{margin-top: 0px !important;border-top-width: 0px !important;padding-top: 0px !important;}&#8220;][vc_separator border_width=&#8220;2&#8243; css=&#8220;.vc_custom_1771178513368{margin-top: 20px !important;margin-bottom: 20px !important;}&#8220;][\/vc_column][\/vc_row][vc_row equal_height=&#8220;yes&#8220; content_placement=&#8220;top&#8220; css=&#8220;.vc_custom_1771178192544{margin-top: 20px !important;margin-bottom: 30px !important;}&#8220;][vc_column width=&#8220;2\/3&#8243; css=&#8220;.vc_custom_1771177701764{margin-top: 0px !important;border-top-width: 0px !important;padding-top: 0px !important;}&#8220;][vc_column_text css=&#8220;.vc_custom_1771177744143{margin-top: 0px !important;border-top-width: 0px !important;padding-top: 0px !important;}&#8220;]<a href=\"https:\/\/www.spacapan.si\/wp-content\/uploads\/2023\/02\/Slika1.jpg\"><img loading=\"lazy\" decoding=\"async\" class=\"size-full wp-image-5331 alignleft\" src=\"https:\/\/www.spacapan.si\/wp-content\/uploads\/2023\/02\/Slika1.jpg\" alt=\"\" width=\"602\" height=\"451\" \/><\/a>[\/vc_column_text][\/vc_column][vc_column width=&#8220;1\/3&#8243;][vc_column_text]<strong>\u201eSchalte ab\u201c<\/strong><\/p>\n<p>G\u00f6nnen Sie sich ein dreist\u00fcndiges, l\u00e4ngeres kulinarisches Verw\u00f6hnprogramm mit ausgew\u00e4hlter Weinbegleitung von sechs Gl\u00e4sern Wein.<\/p>\n<p>\u00dcbernachten Sie im Doppelzimmer und wachen Sie mit einem hausgemachten Fr\u00fchst\u00fcck auf, das Ada \u0160pacapan f\u00fcr Sie zubereitet.<\/p>\n<p>2 Personen: 445,00 eur<\/p>\n<p><em>Vom 15. Juli bis zum 17. September ist der Paketpreis um 10,00 \u20ac h\u00f6her<\/em><\/p>\n<p><a class=\"custom-btn\" href=\"https:\/\/www.spacapan.si\/de\/paket-reservieren\/\">Paket reservieren<\/a>[\/vc_column_text][\/vc_column][\/vc_row][vc_row equal_height=&#8220;yes&#8220; content_placement=&#8220;top&#8220; css=&#8220;.vc_custom_1771178192544{margin-top: 20px !important;margin-bottom: 30px !important;}&#8220;][vc_column css=&#8220;.vc_custom_1771177701764{margin-top: 0px !important;border-top-width: 0px !important;padding-top: 0px !important;}&#8220;][vc_separator border_width=&#8220;2&#8243; css=&#8220;.vc_custom_1771178513368{margin-top: 20px !important;margin-bottom: 20px !important;}&#8220;][\/vc_column][\/vc_row][vc_row equal_height=&#8220;yes&#8220; content_placement=&#8220;top&#8220;][vc_column width=&#8220;2\/3&#8243;][vc_column_text]<a href=\"https:\/\/www.spacapan.si\/wp-content\/uploads\/2023\/02\/Slika2.jpg\"><img loading=\"lazy\" decoding=\"async\" class=\"size-full wp-image-5330 alignleft\" src=\"https:\/\/www.spacapan.si\/wp-content\/uploads\/2023\/02\/Slika2.jpg\" alt=\"\" width=\"602\" height=\"451\" \/><\/a>[\/vc_column_text][\/vc_column][vc_column width=&#8220;1\/3&#8243;][vc_column_text]<strong>\u201eNimm dir Zeit f\u00fcr dich\u201c<\/strong><\/p>\n<p>Zeit f\u00fcr sich genie\u00dfen Sie bei einem Besuch in Miros Keller, wo Sie hausgemachte Fleischwaren, K\u00e4se, Wein, Schnaps und Essige verkosten. Anschlie\u00dfend setzen Sie das Erlebnis mit einem l\u00e4ngeren kulinarischen Verw\u00f6hnprogramm mit ausgew\u00e4hlter Weinbegleitung von sechs Gl\u00e4sern Wein fort.<\/p>\n<p>Die Nacht verbringen Sie in einem Doppelzimmer in unserem Dachgeschoss und beginnen den neuen Tag mit den Aromen von Adas hausgemachtem Fr\u00fchst\u00fcck.<\/p>\n<p>2 Personen: 515,00 eur<\/p>\n<p><em>Vom 15. Juli bis zum 17. September ist der Paketpreis um 10,00 \u20ac h\u00f6her<\/em><\/p>\n<p><a class=\"custom-btn\" href=\"https:\/\/www.spacapan.si\/de\/paket-reservieren\/\">Paket reservieren<\/a>[\/vc_column_text][\/vc_column][\/vc_row][vc_row equal_height=&#8220;yes&#8220; content_placement=&#8220;top&#8220; css=&#8220;.vc_custom_1771178192544{margin-top: 20px !important;margin-bottom: 30px !important;}&#8220;][vc_column css=&#8220;.vc_custom_1771177701764{margin-top: 0px !important;border-top-width: 0px !important;padding-top: 0px !important;}&#8220;][vc_separator border_width=&#8220;2&#8243; css=&#8220;.vc_custom_1771178513368{margin-top: 20px !important;margin-bottom: 20px !important;}&#8220;][\/vc_column][\/vc_row][vc_row equal_height=&#8220;yes&#8220; content_placement=&#8220;top&#8220;][vc_column width=&#8220;2\/3&#8243;][vc_column_text]<a href=\"https:\/\/www.spacapan.si\/wp-content\/uploads\/2023\/02\/Slika3.jpg\"><img loading=\"lazy\" decoding=\"async\" class=\"size-full wp-image-5332 alignleft\" src=\"https:\/\/www.spacapan.si\/wp-content\/uploads\/2023\/02\/Slika3.jpg\" alt=\"\" width=\"602\" height=\"451\" \/><\/a>[\/vc_column_text][\/vc_column][vc_column width=&#8220;1\/3&#8243;][vc_column_text]<strong>\u201eEinfach genie\u00dfen\u201c<\/strong><\/p>\n<p>G\u00f6nnen Sie sich Karst Gourmetgen\u00fcsse und entspannen Sie sich im Komfort unserer neuen Dachzimmer.<\/p>\n<p>Am ersten Tag verw\u00f6hnen wir Sie mit einem l\u00e4ngeren kulinarischen Erlebnis, begleitet von sechs Gl\u00e4sern Wein.<\/p>\n<p>Am n\u00e4chsten Tag genie\u00dfen Sie einen Besuch in Miros Keller, verkosten hausgemachte Fleischwaren, K\u00e4se, Wein, Schnaps und Essige und g\u00f6nnen sich anschlie\u00dfend ein k\u00fcrzeres kulinarisches Verw\u00f6hnprogramm mit f\u00fcnf Gl\u00e4sern Wein.<\/p>\n<p>In unseren Dachzimmern verbringen Sie gleich zwei N\u00e4chte und starten \u043e\u0431\u0430 Male mit einem kr\u00e4ftigen hausgemachten Fr\u00fchst\u00fcck von Ada in den neuen Tag.<\/p>\n<p>2 Personen: 924,00 eur<\/p>\n<p><em>Vom 15. Juli bis zum 17. September ist der Paketpreis um 20,00 \u20ac h\u00f6her<\/em><\/p>\n<p><a class=\"custom-btn\" href=\"https:\/\/www.spacapan.si\/de\/paket-reservieren\/\">Paket reservieren<\/a>[\/vc_column_text][\/vc_column][\/vc_row]<\/p>\n","protected":false},"excerpt":{"rendered":"<p>&#8230;<\/p>\n","protected":false},"author":1,"featured_media":1834,"parent":961,"menu_order":0,"comment_status":"closed","ping_status":"closed","template":"","meta":{"footnotes":""},"_links":{"self":[{"href":"https:\/\/www.spacapan.si\/de\/wp-json\/wp\/v2\/pages\/967"}],"collection":[{"href":"https:\/\/www.spacapan.si\/de\/wp-json\/wp\/v2\/pages"}],"about":[{"href":"https:\/\/www.spacapan.si\/de\/wp-json\/wp\/v2\/types\/page"}],"author":[{"embeddable":true,"href":"https:\/\/www.spacapan.si\/de\/wp-json\/wp\/v2\/users\/1"}],"replies":[{"embeddable":true,"href":"https:\/\/www.spacapan.si\/de\/wp-json\/wp\/v2\/comments?post=967"}],"version-history":[{"count":53,"href":"https:\/\/www.spacapan.si\/de\/wp-json\/wp\/v2\/pages\/967\/revisions"}],"predecessor-version":[{"id":3371,"href":"https:\/\/www.spacapan.si\/de\/wp-json\/wp\/v2\/pages\/967\/revisions\/3371"}],"up":[{"embeddable":true,"href":"https:\/\/www.spacapan.si\/de\/wp-json\/wp\/v2\/pages\/961"}],"wp:featuredmedia":[{"embeddable":true,"href":"https:\/\/www.spacapan.si\/de\/wp-json\/wp\/v2\/media\/1834"}],"wp:attachment":[{"href":"https:\/\/www.spacapan.si\/de\/wp-json\/wp\/v2\/media?parent=967"}],"curies":[{"name":"wp","href":"https:\/\/api.w.org\/{rel}","templated":true}]}}